{"id":14944,"date":"2021-09-30T12:29:16","date_gmt":"2021-09-30T10:29:16","guid":{"rendered":"https:\/\/www.coopsoller.coop\/la-cooperativa\/"},"modified":"2021-09-30T14:09:29","modified_gmt":"2021-09-30T12:09:29","slug":"la-cooperativa","status":"publish","type":"page","link":"https:\/\/www.coopsoller.coop\/es\/la-cooperativa\/","title":{"rendered":"La Cooperativa"},"content":{"rendered":"<div class=\"wpb-content-wrapper\"><p>[vc_row el_class=\u00bboverflow-visible\u00bb][vc_column]\r\n\t<div class=\"agrikole-spacer clearfix\" data-desktop=\"110\" data-mobi=\"60\" data-smobi=\"60\"><\/div>[vc_row_inner][vc_column_inner width=\u00bb1\/2&#8243;]<div class=\"agrikole-headings clearfix \" data-font=70 data-mfont=60 style=\"\"><div class=\"pre-heading clearfix\" style=\"font-weight:600;color:#5b8c51;font-size:14px;letter-spacing:3px;\">\r\n\t\tLA COOPERATIVA\r\n\t<\/div><h2 class=\"heading clearfix \" style=\"line-height:70px;font-size:70px;\">\r\n\t\tDESDE EL A\u00d1O 1899 HACIENDO<br \/>\nCOOPERATIVISMO\r\n\t<\/h2><div class=\"sep clearfix\" style=\"margin:5px 0 0;\">\r\n\t\t\t\t<img decoding=\"async\" alt=\"image\" src=\"https:\/\/www.coopsoller.coop\/wp-content\/uploads\/2020\/01\/separator.png\">\r\n\t\t\t<\/div><\/div>[vc_single_image image=\u00bb14672&#8243;][\/vc_column_inner][vc_column_inner width=\u00bb1\/2&#8243;]\r\n\t<div class=\"agrikole-spacer clearfix\" data-desktop=\"37\" data-mobi=\"37\" data-smobi=\"37\"><\/div>[vc_column_text]La Cooperativa Agr\u00edcola de san Bartolom\u00e9 de S\u00f3ller tienes su origen en el a\u00f1o 1899. En la actualidad cuenta con m\u00e1s de 350 socios, los cuales trabajan para que los objetivos fundacionales se lleven a cabo:<\/p>\n<ul>\n<li>Conseguir un buen precio para los productores locales para que puedan cuidar sus explotaciones y conservar el paisaje de huertos y olivares.<\/li>\n<li>Potenciar la comercializaci\u00f3n de los productos frescos y de temporada.<\/li>\n<li>Ayudar a conservar el paisaje de la Sierra de Tramuntana y sus tradiciones, declarada Patrimonio de la Humanidad por la UNESCO el a\u00f1o 2011.<\/li>\n<\/ul>\n<p>Encontrar\u00e1s naranjas, aceite, aceitunas de mesa, mermeladas, frutas, verduras, embutidos&#8230; y otros productos, fruto del trabajo, la sabidur\u00eda y el amor por la tierra, que hacen de la tienda de la Cooperativa el lugar obligado para llenar la cesta de la compra.<\/p>\n<p>S\u00e9 solidario con la monta\u00f1a, con el paisaje, con la gente que lo est\u00e1 trabajando y compra en la Cooperativa, \u00a1ganamos todos![\/vc_column_text][\/vc_column_inner][\/vc_row_inner]\r\n\t<div class=\"agrikole-spacer clearfix\" data-desktop=\"50\" data-mobi=\"50\" data-smobi=\"50\"><\/div>[\/vc_column][\/vc_row][vc_row full_width=\u00bbstretch_row\u00bb css=\u00bb.vc_custom_1582081388323{background-color: #f5f0e9 !important;}\u00bb][vc_column]\r\n\t<div class=\"agrikole-spacer clearfix\" data-desktop=\"120\" data-mobi=\"60\" data-smobi=\"60\"><\/div>[vc_column_text]<\/p>\n<h2 style=\"text-align: center;\">INSTALACIONES<\/h2>\n<p>[\/vc_column_text]\r\n\t<div class=\"agrikole-spacer clearfix\" data-desktop=\"120\" data-mobi=\"60\" data-smobi=\"60\"><\/div>[vc_row_inner][vc_column_inner width=\u00bb1\/2&#8243;]<div class=\"agrikole-simple-image simple \" style=\"border-radius:5px;overflow:hidden;\">\r\n\t\t\t\t<img decoding=\"async\" alt=\"image\" src=\"https:\/\/www.coopsoller.coop\/wp-content\/uploads\/2021\/09\/cooperativasoller-tafona.jpg\" \/> \r\n\t\t\t<\/div>[\/vc_column_inner][vc_column_inner width=\u00bb1\/2&#8243;][\/vc_column_inner][\/vc_row_inner][\/vc_column][\/vc_row][vc_row][vc_column][vc_row_inner][vc_column_inner width=\u00bb1\/2&#8243;]<div class=\"agrikole-content-box clearfix \" data-padding=\"39px 60px\" data-mobipadding=\"39px 60px\" data-margin=\"-112px 0 0 30px\" data-mobimargin=\"-112px 0 0 30px\" >\r\n\t\t<div class=\"inner ctb-1616096823\" style=\" width:270px;\"  data-background=\"\" data-rounded=\"5px\" data-border-style=\"solid\" data-border-style-hover=\"solid\">\r\n\t\t\t[vc_single_image image=\u00bb14599&#8243;]\r\n\t\t<\/div>\r\n\t<\/div>\r\n\t<div class=\"agrikole-spacer clearfix\" data-desktop=\"0\" data-mobi=\"0\" data-smobi=\"500\"><\/div>[\/vc_column_inner][vc_column_inner width=\u00bb1\/2&#8243;]<div class=\"agrikole-content-box clearfix \" data-padding=\"110px 120px 120px\" data-mobipadding=\"60px\" data-margin=\"-543px 0px 0px -150px\" data-mobimargin=\"-443px 0px 0px 0px\" >\r\n\t\t<div class=\"inner ctb-1206399544\" style=\"\"  data-background=\"#ffffff\" data-rounded=\"5px\" data-border-style=\"solid\" data-shadow=\" 0px 20px 20px 0px rgba(0,0,0,0.05)\" data-border-style-hover=\"solid\">\r\n\t\t\t<div class=\"agrikole-headings clearfix \" data-font=70 data-mfont=60 style=\"\"><div class=\"pre-heading clearfix\" style=\"font-weight:600;color:#5b8c51;font-size:14px;letter-spacing:3px;\">\r\n\t\tACEITE DE OLIVA\r\n\t<\/div><h2 class=\"heading clearfix \" style=\"line-height:70px;font-size:70px;\">\r\n\t\tALMAZARA\r\n\t<\/h2><div class=\"sep clearfix\" style=\"margin:5px 0 0;\">\r\n\t\t\t\t<img decoding=\"async\" alt=\"image\" src=\"https:\/\/www.coopsoller.coop\/wp-content\/uploads\/2020\/01\/separator.png\">\r\n\t\t\t<\/div><\/div>\r\n\t<div class=\"agrikole-spacer clearfix\" data-desktop=\"35\" data-mobi=\"35\" data-smobi=\"35\"><\/div>[vc_column_text]<span>Almazara centenaria que forma parte de la DOP \u00abOli de Mallorca\u00bb desde el a\u00f1o 2004. <\/span><\/p>\n<p><span>Fue la primera en utilizar el sistema de extracci\u00f3n continuo, que consiste en una cadena de m\u00e1quinas que sin interrupciones extraen el aceite virgen en poco tiempo.<\/span>[\/vc_column_text]\r\n\t<div class=\"agrikole-spacer clearfix\" data-desktop=\"35\" data-mobi=\"35\" data-smobi=\"35\"><\/div>\r\n\t\t<\/div>\r\n\t<\/div>[\/vc_column_inner][\/vc_row_inner][\/vc_column][\/vc_row][vc_row][vc_column width=\u00bb1\/2&#8243;]\r\n\t<div class=\"agrikole-spacer clearfix\" data-desktop=\"10\" data-mobi=\"10\" data-smobi=\"10\"><\/div>[vc_single_image image=\u00bb14700&#8243;]\r\n\t<div class=\"agrikole-spacer clearfix\" data-desktop=\"10\" data-mobi=\"10\" data-smobi=\"10\"><\/div>[vc_column_text]<\/p>\n<h3>Secci\u00f3n de aceitunas<\/h3>\n<div class=\"wpb_text_column wpb_content_element \">\n<div class=\"wpb_wrapper\">\n<p><a href=\"https:\/\/www.coopsoller.coop\/wp-content\/uploads\/2021\/05\/do-olivademallorca-copy.png\"><img loading=\"lazy\" decoding=\"async\" src=\"https:\/\/www.coopsoller.coop\/wp-content\/uploads\/2021\/05\/do-olivademallorca-copy-150x150.png\" alt=\"\" width=\"150\" height=\"150\" class=\"wp-image-14600 size-thumbnail alignleft\" srcset=\"https:\/\/www.coopsoller.coop\/wp-content\/uploads\/2021\/05\/do-olivademallorca-copy-150x150.png 150w, https:\/\/www.coopsoller.coop\/wp-content\/uploads\/2021\/05\/do-olivademallorca-copy-140x140.png 140w, https:\/\/www.coopsoller.coop\/wp-content\/uploads\/2021\/05\/do-olivademallorca-copy-100x100.png 100w, https:\/\/www.coopsoller.coop\/wp-content\/uploads\/2021\/05\/do-olivademallorca-copy.png 197w\" sizes=\"auto, (max-width: 150px) 100vw, 150px\" \/><\/a>La Cooperativa forma parte de la DOP \u00abOliva Mallorquina\u00bb y ofrece productos especializados de elaboraci\u00f3n propia a partir de estos productos.<\/p>\n<p>&nbsp;<\/p><\/div>\n<\/div>\n<p>[\/vc_column_text]\r\n\t<div class=\"agrikole-spacer clearfix\" data-desktop=\"10\" data-mobi=\"10\" data-smobi=\"10\"><\/div>[vc_single_image image=\u00bb14714&#8243;][vc_column_text]<\/p>\n<h3>La tienda<\/h3>\n<div class=\"wpb_text_column wpb_content_element \">\n<div class=\"wpb_wrapper\">\n<p>La tienda de la cooperativa obtuvo, en 2010, la Certificaci\u00f3n de la Norma UNE 175001-1: 2004, certificaci\u00f3n que reconoce la calidad del servicio para el peque\u00f1o comercio, mediante el proyecto Comercio Excelente. Actualment ha augmentat la seva superf\u00edcie i \u00e9s un referent per a molts de consumidors de la vall que valoren el producte local que arriba directament dels productors.<\/p><\/div>\n<\/div>\n<p>[\/vc_column_text][\/vc_column][vc_column width=\u00bb1\/2&#8243;]\r\n\t<div class=\"agrikole-spacer clearfix\" data-desktop=\"10\" data-mobi=\"10\" data-smobi=\"10\"><\/div>[vc_single_image image=\u00bb14712&#8243;]\r\n\t<div class=\"agrikole-spacer clearfix\" data-desktop=\"10\" data-mobi=\"10\" data-smobi=\"10\"><\/div>[vc_column_text]<\/p>\n<h3>Secci\u00f3n de c\u00edtricos<\/h3>\n<div class=\"wpb_text_column wpb_content_element \">\n<div class=\"wpb_wrapper\">\n<p>Actualmente, la Cooperativa Agr\u00edcola Sant Bartomeu forma parte de la cooperativa de segundo grado Camp Mallorqu\u00ed, SCL, de la Uni\u00f3n de Cooperativas Agroalimentarias de las Islas Baleares y obtuvo la Marca de Calidad \u201cC\u00edtricos ses Marjades\u201d. Cuenta con una m\u00e1quina limpiadora, una calibradora y una enceradora.<\/p><\/div>\n<\/div>\n<p>[\/vc_column_text]\r\n\t<div class=\"agrikole-spacer clearfix\" data-desktop=\"35\" data-mobi=\"35\" data-smobi=\"35\"><\/div>[vc_single_image image=\u00bb14723&#8243;][vc_column_text]<\/p>\n<h3>Almac\u00e9n de piensos y productos fitosanitarios<\/h3>\n<div class=\"wpb_text_column wpb_content_element \">\n<div class=\"wpb_wrapper\">\n<p>El almac\u00e9n del agricultor es la unidad que abastece de abonos, fitosanitarios, piensos, utillaje, cereales, forraje, etc &#8230;<\/p><\/div>\n<\/div>\n<p>[\/vc_column_text][\/vc_column][vc_column]\r\n\t<div class=\"agrikole-spacer clearfix\" data-desktop=\"35\" data-mobi=\"35\" data-smobi=\"35\"><\/div>[\/vc_column][\/vc_row]<\/p>\n<\/div>","protected":false},"excerpt":{"rendered":"<p>[vc_row el_class=\u00bboverflow-visible\u00bb][vc_column][vc_row_inner][vc_column_inner width=\u00bb1\/2&#8243;][vc_single_image image=\u00bb14672&#8243;][\/vc_column_inner][vc_column_inner width=\u00bb1\/2&#8243;][vc_column_text]La Cooperativa Agr\u00edcola de san Bartolom\u00e9 de S\u00f3ller tienes su origen en el a\u00f1o 1899. En la actualidad cuenta con m\u00e1s de 350 socios, los cuales trabajan para que los objetivos fundacionales se lleven a cabo: Conseguir un buen precio para los productores locales para que<\/p>\n","protected":false},"author":1,"featured_media":0,"parent":0,"menu_order":0,"comment_status":"closed","ping_status":"closed","template":"","meta":{"googlesitekit_rrm_CAowjJS5DA:productID":"","footnotes":""},"class_list":["post-14944","page","type-page","status-publish","hentry"],"yoast_head":"<!-- This site is optimized with the Yoast SEO plugin v26.8 - https:\/\/yoast.com\/product\/yoast-seo-wordpress\/ -->\n<title>La Cooperativa - Cooperativa Agr\u00edcola de S\u00f3ller<\/title>\n<meta name=\"description\" content=\"La Cooperativa Agr\u00edcola de San Bartolom\u00e9 de S\u00f3ller tiene su origen en el a\u00f1o 1899. Producimos aceite de oliva, aceitunas, naranjas, limones, aguacates, etc\u00e9tera.\" \/>\n<meta name=\"robots\" content=\"index, follow, max-snippet:-1, max-image-preview:large, max-video-preview:-1\" \/>\n<link rel=\"canonical\" href=\"https:\/\/www.coopsoller.coop\/es\/la-cooperativa\/\" \/>\n<meta property=\"og:locale\" content=\"es_ES\" \/>\n<meta property=\"og:type\" content=\"article\" \/>\n<meta property=\"og:title\" content=\"La Cooperativa - Cooperativa Agr\u00edcola de S\u00f3ller\" \/>\n<meta property=\"og:description\" content=\"La Cooperativa Agr\u00edcola de San Bartolom\u00e9 de S\u00f3ller tiene su origen en el a\u00f1o 1899. Producimos aceite de oliva, aceitunas, naranjas, limones, aguacates, etc\u00e9tera.\" \/>\n<meta property=\"og:url\" content=\"https:\/\/www.coopsoller.coop\/es\/la-cooperativa\/\" \/>\n<meta property=\"og:site_name\" content=\"Cooperativa Agr\u00edcola de S\u00f3ller\" \/>\n<meta property=\"article:publisher\" content=\"https:\/\/www.facebook.com\/coopsoller\" \/>\n<meta property=\"article:modified_time\" content=\"2021-09-30T12:09:29+00:00\" \/>\n<meta property=\"og:image\" content=\"https:\/\/www.coopsoller.coop\/wp-content\/uploads\/2021\/09\/cooperativa-solller-aereal.jpeg\" \/>\n<meta name=\"twitter:card\" content=\"summary_large_image\" \/>\n<meta name=\"twitter:image\" content=\"https:\/\/www.coopsoller.coop\/wp-content\/uploads\/2021\/09\/cooperativa-solller-aereal.jpeg\" \/>\n<meta name=\"twitter:site\" content=\"@coopsoller\" \/>\n<meta name=\"twitter:label1\" content=\"Tiempo de lectura\" \/>\n\t<meta name=\"twitter:data1\" content=\"4 minutos\" \/>\n<script type=\"application\/ld+json\" class=\"yoast-schema-graph\">{\"@context\":\"https:\/\/schema.org\",\"@graph\":[{\"@type\":\"WebPage\",\"@id\":\"https:\/\/www.coopsoller.coop\/es\/la-cooperativa\/\",\"url\":\"https:\/\/www.coopsoller.coop\/es\/la-cooperativa\/\",\"name\":\"La Cooperativa - Cooperativa Agr\u00edcola de S\u00f3ller\",\"isPartOf\":{\"@id\":\"https:\/\/www.coopsoller.coop\/es\/#website\"},\"primaryImageOfPage\":{\"@id\":\"https:\/\/www.coopsoller.coop\/es\/la-cooperativa\/#primaryimage\"},\"image\":{\"@id\":\"https:\/\/www.coopsoller.coop\/es\/la-cooperativa\/#primaryimage\"},\"thumbnailUrl\":\"https:\/\/www.coopsoller.coop\/wp-content\/uploads\/2021\/05\/do-olivademallorca-copy-150x150.png\",\"datePublished\":\"2021-09-30T10:29:16+00:00\",\"dateModified\":\"2021-09-30T12:09:29+00:00\",\"description\":\"La Cooperativa Agr\u00edcola de San Bartolom\u00e9 de S\u00f3ller tiene su origen en el a\u00f1o 1899. Producimos aceite de oliva, aceitunas, naranjas, limones, aguacates, etc\u00e9tera.\",\"inLanguage\":\"es\",\"potentialAction\":[{\"@type\":\"ReadAction\",\"target\":[\"https:\/\/www.coopsoller.coop\/es\/la-cooperativa\/\"]}]},{\"@type\":\"ImageObject\",\"inLanguage\":\"es\",\"@id\":\"https:\/\/www.coopsoller.coop\/es\/la-cooperativa\/#primaryimage\",\"url\":\"https:\/\/www.coopsoller.coop\/wp-content\/uploads\/2021\/05\/do-olivademallorca-copy-150x150.png\",\"contentUrl\":\"https:\/\/www.coopsoller.coop\/wp-content\/uploads\/2021\/05\/do-olivademallorca-copy-150x150.png\"},{\"@type\":\"WebSite\",\"@id\":\"https:\/\/www.coopsoller.coop\/es\/#website\",\"url\":\"https:\/\/www.coopsoller.coop\/es\/\",\"name\":\"Cooperativa Agr\u00edcola de S\u00f3ller\",\"description\":\"Cooperativa Agr\u00edcola Sant Bartomeu de S\u00f3ller\",\"publisher\":{\"@id\":\"https:\/\/www.coopsoller.coop\/es\/#organization\"},\"potentialAction\":[{\"@type\":\"SearchAction\",\"target\":{\"@type\":\"EntryPoint\",\"urlTemplate\":\"https:\/\/www.coopsoller.coop\/es\/?s={search_term_string}\"},\"query-input\":{\"@type\":\"PropertyValueSpecification\",\"valueRequired\":true,\"valueName\":\"search_term_string\"}}],\"inLanguage\":\"es\"},{\"@type\":\"Organization\",\"@id\":\"https:\/\/www.coopsoller.coop\/es\/#organization\",\"name\":\"Cooperativa Agr\u00edcola de S\u00f3ller\",\"url\":\"https:\/\/www.coopsoller.coop\/es\/\",\"logo\":{\"@type\":\"ImageObject\",\"inLanguage\":\"es\",\"@id\":\"https:\/\/www.coopsoller.coop\/es\/#\/schema\/logo\/image\/\",\"url\":\"https:\/\/www.coopsoller.coop\/wp-content\/uploads\/2021\/02\/logo-coopsoller-01.png\",\"contentUrl\":\"https:\/\/www.coopsoller.coop\/wp-content\/uploads\/2021\/02\/logo-coopsoller-01.png\",\"width\":347,\"height\":143,\"caption\":\"Cooperativa Agr\u00edcola de S\u00f3ller\"},\"image\":{\"@id\":\"https:\/\/www.coopsoller.coop\/es\/#\/schema\/logo\/image\/\"},\"sameAs\":[\"https:\/\/www.facebook.com\/coopsoller\",\"https:\/\/x.com\/coopsoller\",\"https:\/\/www.instagram.com\/coopsoller\",\"https:\/\/www.linkedin.com\/company\/coopsoller\/\",\"https:\/\/www.youtube.com\/user\/coopsoller\"]}]}<\/script>\n<!-- \/ Yoast SEO plugin. -->","yoast_head_json":{"title":"La Cooperativa - Cooperativa Agr\u00edcola de S\u00f3ller","description":"La Cooperativa Agr\u00edcola de San Bartolom\u00e9 de S\u00f3ller tiene su origen en el a\u00f1o 1899. Producimos aceite de oliva, aceitunas, naranjas, limones, aguacates, etc\u00e9tera.","robots":{"index":"index","follow":"follow","max-snippet":"max-snippet:-1","max-image-preview":"max-image-preview:large","max-video-preview":"max-video-preview:-1"},"canonical":"https:\/\/www.coopsoller.coop\/es\/la-cooperativa\/","og_locale":"es_ES","og_type":"article","og_title":"La Cooperativa - Cooperativa Agr\u00edcola de S\u00f3ller","og_description":"La Cooperativa Agr\u00edcola de San Bartolom\u00e9 de S\u00f3ller tiene su origen en el a\u00f1o 1899. Producimos aceite de oliva, aceitunas, naranjas, limones, aguacates, etc\u00e9tera.","og_url":"https:\/\/www.coopsoller.coop\/es\/la-cooperativa\/","og_site_name":"Cooperativa Agr\u00edcola de S\u00f3ller","article_publisher":"https:\/\/www.facebook.com\/coopsoller","article_modified_time":"2021-09-30T12:09:29+00:00","og_image":[{"url":"https:\/\/www.coopsoller.coop\/wp-content\/uploads\/2021\/09\/cooperativa-solller-aereal.jpeg","type":"","width":"","height":""}],"twitter_card":"summary_large_image","twitter_image":"https:\/\/www.coopsoller.coop\/wp-content\/uploads\/2021\/09\/cooperativa-solller-aereal.jpeg","twitter_site":"@coopsoller","twitter_misc":{"Tiempo de lectura":"4 minutos"},"schema":{"@context":"https:\/\/schema.org","@graph":[{"@type":"WebPage","@id":"https:\/\/www.coopsoller.coop\/es\/la-cooperativa\/","url":"https:\/\/www.coopsoller.coop\/es\/la-cooperativa\/","name":"La Cooperativa - Cooperativa Agr\u00edcola de S\u00f3ller","isPartOf":{"@id":"https:\/\/www.coopsoller.coop\/es\/#website"},"primaryImageOfPage":{"@id":"https:\/\/www.coopsoller.coop\/es\/la-cooperativa\/#primaryimage"},"image":{"@id":"https:\/\/www.coopsoller.coop\/es\/la-cooperativa\/#primaryimage"},"thumbnailUrl":"https:\/\/www.coopsoller.coop\/wp-content\/uploads\/2021\/05\/do-olivademallorca-copy-150x150.png","datePublished":"2021-09-30T10:29:16+00:00","dateModified":"2021-09-30T12:09:29+00:00","description":"La Cooperativa Agr\u00edcola de San Bartolom\u00e9 de S\u00f3ller tiene su origen en el a\u00f1o 1899. Producimos aceite de oliva, aceitunas, naranjas, limones, aguacates, etc\u00e9tera.","inLanguage":"es","potentialAction":[{"@type":"ReadAction","target":["https:\/\/www.coopsoller.coop\/es\/la-cooperativa\/"]}]},{"@type":"ImageObject","inLanguage":"es","@id":"https:\/\/www.coopsoller.coop\/es\/la-cooperativa\/#primaryimage","url":"https:\/\/www.coopsoller.coop\/wp-content\/uploads\/2021\/05\/do-olivademallorca-copy-150x150.png","contentUrl":"https:\/\/www.coopsoller.coop\/wp-content\/uploads\/2021\/05\/do-olivademallorca-copy-150x150.png"},{"@type":"WebSite","@id":"https:\/\/www.coopsoller.coop\/es\/#website","url":"https:\/\/www.coopsoller.coop\/es\/","name":"Cooperativa Agr\u00edcola de S\u00f3ller","description":"Cooperativa Agr\u00edcola Sant Bartomeu de S\u00f3ller","publisher":{"@id":"https:\/\/www.coopsoller.coop\/es\/#organization"},"potentialAction":[{"@type":"SearchAction","target":{"@type":"EntryPoint","urlTemplate":"https:\/\/www.coopsoller.coop\/es\/?s={search_term_string}"},"query-input":{"@type":"PropertyValueSpecification","valueRequired":true,"valueName":"search_term_string"}}],"inLanguage":"es"},{"@type":"Organization","@id":"https:\/\/www.coopsoller.coop\/es\/#organization","name":"Cooperativa Agr\u00edcola de S\u00f3ller","url":"https:\/\/www.coopsoller.coop\/es\/","logo":{"@type":"ImageObject","inLanguage":"es","@id":"https:\/\/www.coopsoller.coop\/es\/#\/schema\/logo\/image\/","url":"https:\/\/www.coopsoller.coop\/wp-content\/uploads\/2021\/02\/logo-coopsoller-01.png","contentUrl":"https:\/\/www.coopsoller.coop\/wp-content\/uploads\/2021\/02\/logo-coopsoller-01.png","width":347,"height":143,"caption":"Cooperativa Agr\u00edcola de S\u00f3ller"},"image":{"@id":"https:\/\/www.coopsoller.coop\/es\/#\/schema\/logo\/image\/"},"sameAs":["https:\/\/www.facebook.com\/coopsoller","https:\/\/x.com\/coopsoller","https:\/\/www.instagram.com\/coopsoller","https:\/\/www.linkedin.com\/company\/coopsoller\/","https:\/\/www.youtube.com\/user\/coopsoller"]}]}},"_links":{"self":[{"href":"https:\/\/www.coopsoller.coop\/es\/wp-json\/wp\/v2\/pages\/14944","targetHints":{"allow":["GET"]}}],"collection":[{"href":"https:\/\/www.coopsoller.coop\/es\/wp-json\/wp\/v2\/pages"}],"about":[{"href":"https:\/\/www.coopsoller.coop\/es\/wp-json\/wp\/v2\/types\/page"}],"author":[{"embeddable":true,"href":"https:\/\/www.coopsoller.coop\/es\/wp-json\/wp\/v2\/users\/1"}],"replies":[{"embeddable":true,"href":"https:\/\/www.coopsoller.coop\/es\/wp-json\/wp\/v2\/comments?post=14944"}],"version-history":[{"count":6,"href":"https:\/\/www.coopsoller.coop\/es\/wp-json\/wp\/v2\/pages\/14944\/revisions"}],"predecessor-version":[{"id":14985,"href":"https:\/\/www.coopsoller.coop\/es\/wp-json\/wp\/v2\/pages\/14944\/revisions\/14985"}],"wp:attachment":[{"href":"https:\/\/www.coopsoller.coop\/es\/wp-json\/wp\/v2\/media?parent=14944"}],"curies":[{"name":"wp","href":"https:\/\/api.w.org\/{rel}","templated":true}]}}